{"id":8225,"date":"2025-11-14T21:28:05","date_gmt":"2025-11-14T20:28:05","guid":{"rendered":"https:\/\/rhea-nellen-photography.ch\/?page_id=8225"},"modified":"2026-01-26T10:45:52","modified_gmt":"2026-01-26T09:45:52","slug":"wanderpfoten-zum-faelensee","status":"publish","type":"page","link":"https:\/\/rhea-nellen-photography.ch\/?page_id=8225","title":{"rendered":"Wanderpfoten zum F\u00e4lensee"},"content":{"rendered":"\n<h4 class=\"wp-block-heading has-text-align-center has-text-color\" style=\"color:#cf9c88\">Wanderpfoten unterwegs zum F\u00e4lensee<\/h4>\n\n\n\n<p class=\"has-text-align-center has-background\" style=\"background-color:#faebe6\">Wir starten in Br\u00fclisau und legen gemeinsam die ersten H\u00f6henmeter zur\u00fcck. Unsere Route f\u00fchrt vorbei am S\u00e4mtisersee, \u00fcber die Alp Sigel und Bollenwees bis zum idyllisch gelegenen F\u00e4lensee. Unterwegs halten wir immer wieder an, um nat\u00fcrliche, stimmungsvolle Fotos von euren Hunden vor der beeindruckenden Bergkulisse und den glitzernden Seen zu machen. Besonders stimmungsvoll ist diese Wanderung am Sonnenuntergang, wenn das Licht die Landschaft in warme Farben taucht.<br><br><strong>Wo:<\/strong> <br>Br\u00fclisau &#8211; Plattenb\u00f6deli &#8211; S\u00e4mtisersee- F\u00e4hlensee &#8211; Plattenb\u00f6deli &#8211; Br\u00fclisau<br><sub>14.5 km L\u00e4nge und rund 550 H\u00f6henmeter.<br>Schwierigkeitsgrad mittel <\/sub><\/p>\n\n\n\n<figure class=\"wp-block-image size-full\"><img decoding=\"async\" src=\"http:\/\/rhea-nellen-photography.ch\/wp-content\/uploads\/2025\/01\/rhean-nellen-tierfotoshootingpuppylove-rhea-nellen-photography-1.jpg\" alt=\"rhean-nellen-tierfotoshootingpuppylove-rhea-nellen-photography-1\" class=\"wp-image-7406\"\/><\/figure>\n\n\n\n<p class=\"has-text-align-center\"><strong>Preis<\/strong><br><mark style=\"background-color:rgba(0, 0, 0, 0);color:#cf9c88\" class=\"has-inline-color\"><strong>1230.- Fr<\/strong><\/mark><br><br><strong><strong>Dauer <\/strong>reine Wanderung:<\/strong><br>ca. 4.5 Stunden<br><br><strong><strong>Dauer <\/strong>mit Fotoshooting:<\/strong><br>ca. 5-6 Stunden<\/p>\n\n\n\n<div class=\"wp-block-buttons is-content-justification-center is-layout-flex wp-container-core-buttons-is-layout-16018d1d wp-block-buttons-is-layout-flex\">\n<div class=\"wp-block-button is-style-outline is-style-outline--1\"><a class=\"wp-block-button__link has-black-color has-text-color has-background has-link-color has-text-align-center wp-element-button\" href=\"https:\/\/rhea-nellen-photography.ch\/?page_id=26\" style=\"background-color:#faebe6\">Jetzt buchen!<\/a><\/div>\n<\/div>\n\n\n\n<div style=\"height:19px\" aria-hidden=\"true\" class=\"wp-block-spacer\"><\/div>\n\n\n\n<p class=\"has-text-align-center\"><em>Bei einer Anmeldung stimmst du meinen <a href=\"https:\/\/rhea-nellen-photography.ch\/?page_id=6196\">AGBs<\/a> zu.<\/em><\/p>\n\n\n<style type=\"text\/css\">\n#foogallery-gallery-7548.fg-justified .fg-item { margin-right: 2px; margin-bottom: 2px; }\n#foogallery-gallery-7548.fg-justified .fg-image { height: 200px; }<\/style>\n\t\t\t<div class=\"foogallery foogallery-container foogallery-justified foogallery-lightbox-none fg-justified fg-ready fg-light fg-shadow-outline fg-loading-default fg-loaded-fade-in\" id=\"foogallery-gallery-7548\" data-foogallery=\"{&quot;item&quot;:{&quot;showCaptionTitle&quot;:true,&quot;showCaptionDescription&quot;:false},&quot;lazy&quot;:true,&quot;template&quot;:{&quot;rowHeight&quot;:200,&quot;maxRowHeight&quot;:300,&quot;margins&quot;:2,&quot;align&quot;:&quot;center&quot;,&quot;lastRow&quot;:&quot;smart&quot;}}\" style=\"--fg-title-line-clamp: 1; --fg-description-line-clamp: 2;\" >\n\t<div class=\"fg-item fg-type-image fg-idle\"><figure class=\"fg-item-inner\"><a data-attachment-id=\"9073\" data-type=\"image\" class=\"fg-thumb\"><span class=\"fg-image-wrap\"><img fetchpriority=\"high\" decoding=\"async\" height=\"300\" width=\"450\" class=\"skip-lazy fg-image\" data-src-fg=\"https:\/\/rhea-nellen-photography.ch\/wp-content\/uploads\/cache\/2026\/01\/rhean-nellen-tierfotoshooting-appenzell-fotoshooting_faelensee-56\/2041332443.jpg\" src=\"data:image\/svg+xml,%3Csvg%20xmlns%3D%22http%3A%2F%2Fwww.w3.org%2F2000%2Fsvg%22%20width%3D%22450%22%20height%3D%22300%22%20viewBox%3D%220%200%20450%20300%22%3E%3C%2Fsvg%3E\" loading=\"eager\"><\/span><span class=\"fg-image-overlay\"><\/span><\/a><\/figure><div class=\"fg-loader\"><\/div><\/div><div class=\"fg-item fg-type-image fg-idle\"><figure class=\"fg-item-inner\"><a data-attachment-id=\"9031\" data-type=\"image\" class=\"fg-thumb\"><span class=\"fg-image-wrap\"><img decoding=\"async\" height=\"300\" width=\"450\" class=\"skip-lazy fg-image\" data-src-fg=\"https:\/\/rhea-nellen-photography.ch\/wp-content\/uploads\/cache\/2026\/01\/rhean-nellen-tierfotoshootingpuppylove-rhea-nellen-photography-1-108\/3145052135.jpg\" src=\"data:image\/svg+xml,%3Csvg%20xmlns%3D%22http%3A%2F%2Fwww.w3.org%2F2000%2Fsvg%22%20width%3D%22450%22%20height%3D%22300%22%20viewBox%3D%220%200%20450%20300%22%3E%3C%2Fsvg%3E\" loading=\"eager\"><\/span><span class=\"fg-image-overlay\"><\/span><\/a><\/figure><div class=\"fg-loader\"><\/div><\/div><\/div>\n\n","protected":false},"excerpt":{"rendered":"<p>Wanderpfoten unterwegs zum F\u00e4lensee Wir starten in Br\u00fclisau und legen gemeinsam die ersten H\u00f6henmeter zur\u00fcck. Unsere Route f\u00fchrt vorbei am S\u00e4mtisersee, \u00fcber die Alp Sigel &hellip; <\/p>\n","protected":false},"author":1,"featured_media":0,"parent":8208,"menu_order":0,"comment_status":"closed","ping_status":"closed","template":"","meta":{"footnotes":""},"class_list":["post-8225","page","type-page","status-publish","hentry","latest_post"],"yoast_head":"<!-- This site is optimized with the Yoast SEO plugin v26.8 - https:\/\/yoast.com\/product\/yoast-seo-wordpress\/ -->\n<title>Wanderpfoten zum F\u00e4lensee -<\/title>\n<meta name=\"robots\" content=\"index, follow, max-snippet:-1, max-image-preview:large, max-video-preview:-1\" \/>\n<link rel=\"canonical\" href=\"https:\/\/rhea-nellen-photography.ch\/?page_id=8225\" \/>\n<meta property=\"og:locale\" content=\"de_DE\" \/>\n<meta property=\"og:type\" content=\"article\" \/>\n<meta property=\"og:title\" content=\"Wanderpfoten zum F\u00e4lensee -\" \/>\n<meta property=\"og:description\" content=\"Wanderpfoten unterwegs zum F\u00e4lensee Wir starten in Br\u00fclisau und legen gemeinsam die ersten H\u00f6henmeter zur\u00fcck. Unsere Route f\u00fchrt vorbei am S\u00e4mtisersee, \u00fcber die Alp Sigel &hellip;\" \/>\n<meta property=\"og:url\" content=\"https:\/\/rhea-nellen-photography.ch\/?page_id=8225\" \/>\n<meta property=\"article:publisher\" content=\"https:\/\/www.facebook.com\/rhea.nellen\/\" \/>\n<meta property=\"article:modified_time\" content=\"2026-01-26T09:45:52+00:00\" \/>\n<meta name=\"twitter:card\" content=\"summary_large_image\" \/>\n<meta name=\"twitter:label1\" content=\"Gesch\u00e4tzte Lesezeit\" \/>\n\t<meta name=\"twitter:data1\" content=\"1\u00a0Minute\" \/>\n<script type=\"application\/ld+json\" class=\"yoast-schema-graph\">{\"@context\":\"https:\/\/schema.org\",\"@graph\":[{\"@type\":\"WebPage\",\"@id\":\"https:\/\/rhea-nellen-photography.ch\/?page_id=8225\",\"url\":\"https:\/\/rhea-nellen-photography.ch\/?page_id=8225\",\"name\":\"Wanderpfoten zum F\u00e4lensee -\",\"isPartOf\":{\"@id\":\"https:\/\/rhea-nellen-photography.ch\/#website\"},\"primaryImageOfPage\":{\"@id\":\"https:\/\/rhea-nellen-photography.ch\/?page_id=8225#primaryimage\"},\"image\":{\"@id\":\"https:\/\/rhea-nellen-photography.ch\/?page_id=8225#primaryimage\"},\"thumbnailUrl\":\"http:\/\/rhea-nellen-photography.ch\/wp-content\/uploads\/2025\/01\/rhean-nellen-tierfotoshootingpuppylove-rhea-nellen-photography-1.jpg\",\"datePublished\":\"2025-11-14T20:28:05+00:00\",\"dateModified\":\"2026-01-26T09:45:52+00:00\",\"breadcrumb\":{\"@id\":\"https:\/\/rhea-nellen-photography.ch\/?page_id=8225#breadcrumb\"},\"inLanguage\":\"de\",\"potentialAction\":[{\"@type\":\"ReadAction\",\"target\":[\"https:\/\/rhea-nellen-photography.ch\/?page_id=8225\"]}]},{\"@type\":\"ImageObject\",\"inLanguage\":\"de\",\"@id\":\"https:\/\/rhea-nellen-photography.ch\/?page_id=8225#primaryimage\",\"url\":\"\",\"contentUrl\":\"\"},{\"@type\":\"BreadcrumbList\",\"@id\":\"https:\/\/rhea-nellen-photography.ch\/?page_id=8225#breadcrumb\",\"itemListElement\":[{\"@type\":\"ListItem\",\"position\":1,\"name\":\"Startseite\",\"item\":\"https:\/\/rhea-nellen-photography.ch\/\"},{\"@type\":\"ListItem\",\"position\":2,\"name\":\"Mein Angebot\",\"item\":\"https:\/\/rhea-nellen-photography.ch\/?page_id=5757\"},{\"@type\":\"ListItem\",\"position\":3,\"name\":\"Wanderpfoten \u2013 Unterwegs mit dir &amp; deinem Hund\",\"item\":\"https:\/\/rhea-nellen-photography.ch\/?page_id=8208\"},{\"@type\":\"ListItem\",\"position\":4,\"name\":\"Wanderpfoten zum F\u00e4lensee\"}]},{\"@type\":\"WebSite\",\"@id\":\"https:\/\/rhea-nellen-photography.ch\/#website\",\"url\":\"https:\/\/rhea-nellen-photography.ch\/\",\"name\":\"\",\"description\":\"Hundefotografie und Pferdefotografie in der Schweiz\",\"publisher\":{\"@id\":\"https:\/\/rhea-nellen-photography.ch\/#\/schema\/person\/2d6ba87bba45ccebcb1bd8237751806d\"},\"potentialAction\":[{\"@type\":\"SearchAction\",\"target\":{\"@type\":\"EntryPoint\",\"urlTemplate\":\"https:\/\/rhea-nellen-photography.ch\/?s={search_term_string}\"},\"query-input\":{\"@type\":\"PropertyValueSpecification\",\"valueRequired\":true,\"valueName\":\"search_term_string\"}}],\"inLanguage\":\"de\"},{\"@type\":[\"Person\",\"Organization\"],\"@id\":\"https:\/\/rhea-nellen-photography.ch\/#\/schema\/person\/2d6ba87bba45ccebcb1bd8237751806d\",\"name\":\"Rhea\",\"image\":{\"@type\":\"ImageObject\",\"inLanguage\":\"de\",\"@id\":\"https:\/\/rhea-nellen-photography.ch\/#\/schema\/person\/image\/\",\"url\":\"https:\/\/rhea-nellen-photography.ch\/wp-content\/uploads\/2025\/01\/cropped-Tierfotografie-Logo-schwarz.png\",\"contentUrl\":\"https:\/\/rhea-nellen-photography.ch\/wp-content\/uploads\/2025\/01\/cropped-Tierfotografie-Logo-schwarz.png\",\"width\":1618,\"height\":775,\"caption\":\"Rhea\"},\"logo\":{\"@id\":\"https:\/\/rhea-nellen-photography.ch\/#\/schema\/person\/image\/\"},\"sameAs\":[\"https:\/\/www.facebook.com\/rhea.nellen\/\",\"https:\/\/www.instagram.com\/rhea_nellen_dog_photography\/\"]}]}<\/script>\n<!-- \/ Yoast SEO plugin. -->","yoast_head_json":{"title":"Wanderpfoten zum F\u00e4lensee -","robots":{"index":"index","follow":"follow","max-snippet":"max-snippet:-1","max-image-preview":"max-image-preview:large","max-video-preview":"max-video-preview:-1"},"canonical":"https:\/\/rhea-nellen-photography.ch\/?page_id=8225","og_locale":"de_DE","og_type":"article","og_title":"Wanderpfoten zum F\u00e4lensee -","og_description":"Wanderpfoten unterwegs zum F\u00e4lensee Wir starten in Br\u00fclisau und legen gemeinsam die ersten H\u00f6henmeter zur\u00fcck. Unsere Route f\u00fchrt vorbei am S\u00e4mtisersee, \u00fcber die Alp Sigel &hellip;","og_url":"https:\/\/rhea-nellen-photography.ch\/?page_id=8225","article_publisher":"https:\/\/www.facebook.com\/rhea.nellen\/","article_modified_time":"2026-01-26T09:45:52+00:00","twitter_card":"summary_large_image","twitter_misc":{"Gesch\u00e4tzte Lesezeit":"1\u00a0Minute"},"schema":{"@context":"https:\/\/schema.org","@graph":[{"@type":"WebPage","@id":"https:\/\/rhea-nellen-photography.ch\/?page_id=8225","url":"https:\/\/rhea-nellen-photography.ch\/?page_id=8225","name":"Wanderpfoten zum F\u00e4lensee -","isPartOf":{"@id":"https:\/\/rhea-nellen-photography.ch\/#website"},"primaryImageOfPage":{"@id":"https:\/\/rhea-nellen-photography.ch\/?page_id=8225#primaryimage"},"image":{"@id":"https:\/\/rhea-nellen-photography.ch\/?page_id=8225#primaryimage"},"thumbnailUrl":"http:\/\/rhea-nellen-photography.ch\/wp-content\/uploads\/2025\/01\/rhean-nellen-tierfotoshootingpuppylove-rhea-nellen-photography-1.jpg","datePublished":"2025-11-14T20:28:05+00:00","dateModified":"2026-01-26T09:45:52+00:00","breadcrumb":{"@id":"https:\/\/rhea-nellen-photography.ch\/?page_id=8225#breadcrumb"},"inLanguage":"de","potentialAction":[{"@type":"ReadAction","target":["https:\/\/rhea-nellen-photography.ch\/?page_id=8225"]}]},{"@type":"ImageObject","inLanguage":"de","@id":"https:\/\/rhea-nellen-photography.ch\/?page_id=8225#primaryimage","url":"","contentUrl":""},{"@type":"BreadcrumbList","@id":"https:\/\/rhea-nellen-photography.ch\/?page_id=8225#breadcrumb","itemListElement":[{"@type":"ListItem","position":1,"name":"Startseite","item":"https:\/\/rhea-nellen-photography.ch\/"},{"@type":"ListItem","position":2,"name":"Mein Angebot","item":"https:\/\/rhea-nellen-photography.ch\/?page_id=5757"},{"@type":"ListItem","position":3,"name":"Wanderpfoten \u2013 Unterwegs mit dir &amp; deinem Hund","item":"https:\/\/rhea-nellen-photography.ch\/?page_id=8208"},{"@type":"ListItem","position":4,"name":"Wanderpfoten zum F\u00e4lensee"}]},{"@type":"WebSite","@id":"https:\/\/rhea-nellen-photography.ch\/#website","url":"https:\/\/rhea-nellen-photography.ch\/","name":"","description":"Hundefotografie und Pferdefotografie in der Schweiz","publisher":{"@id":"https:\/\/rhea-nellen-photography.ch\/#\/schema\/person\/2d6ba87bba45ccebcb1bd8237751806d"},"potentialAction":[{"@type":"SearchAction","target":{"@type":"EntryPoint","urlTemplate":"https:\/\/rhea-nellen-photography.ch\/?s={search_term_string}"},"query-input":{"@type":"PropertyValueSpecification","valueRequired":true,"valueName":"search_term_string"}}],"inLanguage":"de"},{"@type":["Person","Organization"],"@id":"https:\/\/rhea-nellen-photography.ch\/#\/schema\/person\/2d6ba87bba45ccebcb1bd8237751806d","name":"Rhea","image":{"@type":"ImageObject","inLanguage":"de","@id":"https:\/\/rhea-nellen-photography.ch\/#\/schema\/person\/image\/","url":"https:\/\/rhea-nellen-photography.ch\/wp-content\/uploads\/2025\/01\/cropped-Tierfotografie-Logo-schwarz.png","contentUrl":"https:\/\/rhea-nellen-photography.ch\/wp-content\/uploads\/2025\/01\/cropped-Tierfotografie-Logo-schwarz.png","width":1618,"height":775,"caption":"Rhea"},"logo":{"@id":"https:\/\/rhea-nellen-photography.ch\/#\/schema\/person\/image\/"},"sameAs":["https:\/\/www.facebook.com\/rhea.nellen\/","https:\/\/www.instagram.com\/rhea_nellen_dog_photography\/"]}]}},"_links":{"self":[{"href":"https:\/\/rhea-nellen-photography.ch\/index.php?rest_route=\/wp\/v2\/pages\/8225","targetHints":{"allow":["GET"]}}],"collection":[{"href":"https:\/\/rhea-nellen-photography.ch\/index.php?rest_route=\/wp\/v2\/pages"}],"about":[{"href":"https:\/\/rhea-nellen-photography.ch\/index.php?rest_route=\/wp\/v2\/types\/page"}],"author":[{"embeddable":true,"href":"https:\/\/rhea-nellen-photography.ch\/index.php?rest_route=\/wp\/v2\/users\/1"}],"replies":[{"embeddable":true,"href":"https:\/\/rhea-nellen-photography.ch\/index.php?rest_route=%2Fwp%2Fv2%2Fcomments&post=8225"}],"version-history":[{"count":6,"href":"https:\/\/rhea-nellen-photography.ch\/index.php?rest_route=\/wp\/v2\/pages\/8225\/revisions"}],"predecessor-version":[{"id":9291,"href":"https:\/\/rhea-nellen-photography.ch\/index.php?rest_route=\/wp\/v2\/pages\/8225\/revisions\/9291"}],"up":[{"embeddable":true,"href":"https:\/\/rhea-nellen-photography.ch\/index.php?rest_route=\/wp\/v2\/pages\/8208"}],"wp:attachment":[{"href":"https:\/\/rhea-nellen-photography.ch\/index.php?rest_route=%2Fwp%2Fv2%2Fmedia&parent=8225"}],"curies":[{"name":"wp","href":"https:\/\/api.w.org\/{rel}","templated":true}]}}